{"id":1144,"date":"2024-04-22T16:19:30","date_gmt":"2024-04-22T16:19:30","guid":{"rendered":"https:\/\/www.uncoupdemeung.fr\/?page_id=1144"},"modified":"2025-08-31T16:04:09","modified_gmt":"2025-08-31T14:04:09","slug":"un-coup-de-meung-pour-la-planete-2","status":"publish","type":"page","link":"https:\/\/www.uncoupdemeung.fr\/","title":{"rendered":"Un coup de Meung pour la Plan\u00e8te"},"content":{"rendered":"\n<div class=\"wp-block-columns is-layout-flex wp-container-core-columns-is-layout-9d6595d7 wp-block-columns-is-layout-flex\">\n<div class=\"wp-block-column is-layout-flow wp-block-column-is-layout-flow\" style=\"flex-basis:33.34%\">\n<h1 class=\"wp-block-heading\">Agenda<\/h1>\n\n\n\n<div  class=\"tribe-compatibility-container\" >\n\t<div\n\t\t class=\"tribe-common tribe-events tribe-events-view tribe-events-view--widget-events-list tribe-events-widget\" \t\tdata-js=\"tribe-events-view\"\n\t\tdata-view-rest-url=\"https:\/\/www.uncoupdemeung.fr\/index.php?rest_route=\/tribe\/views\/v2\/html\"\n\t\tdata-view-manage-url=\"1\"\n\t\t\t\t\t\t\tdata-view-breakpoint-pointer=\"d72e70d0-ddfd-457c-aced-d1f21ad2177a\"\n\t\t\t>\n\t\t<div class=\"tribe-events-widget-events-list\">\n\n\t\t\t<script type=\"application\/ld+json\">\r\n[{\"@context\":\"http:\/\/schema.org\",\"@type\":\"Event\",\"name\":\"R\\u00e9union du comit\\u00e9 d&rsquo;animation\",\"description\":\"&lt;p&gt;Ouvert \\u00e0 tous ! Discussions sur les activit\\u00e9s programm\\u00e9es ou envisag\\u00e9es. Point sur l\\\\'agenda.&lt;\/p&gt;\\\\n\",\"url\":\"https:\/\/www.uncoupdemeung.fr\/?tribe_events=reunion-du-comite-danimation-7\",\"eventAttendanceMode\":\"https:\/\/schema.org\/OfflineEventAttendanceMode\",\"eventStatus\":\"https:\/\/schema.org\/EventScheduled\",\"startDate\":\"2026-04-30T20:30:00+02:00\",\"endDate\":\"2026-04-30T22:30:00+02:00\",\"location\":{\"@type\":\"Place\",\"name\":\"Salle associative CCAS Meung sur Loire impasse des cordeliers\",\"description\":\"\",\"url\":\"\",\"address\":{\"@type\":\"PostalAddress\"},\"telephone\":\"\",\"sameAs\":\"\"},\"performer\":\"Organization\"},{\"@context\":\"http:\/\/schema.org\",\"@type\":\"Event\",\"name\":\"Activit\\u00e9s au jardin partag\\u00e9\",\"description\":\"\",\"url\":\"https:\/\/www.uncoupdemeung.fr\/?tribe_events=activites-au-jardin-partage-19\",\"eventAttendanceMode\":\"https:\/\/schema.org\/OfflineEventAttendanceMode\",\"eventStatus\":\"https:\/\/schema.org\/EventScheduled\",\"startDate\":\"2026-05-02T10:00:00+02:00\",\"endDate\":\"2026-05-02T12:00:00+02:00\",\"location\":{\"@type\":\"Place\",\"name\":\"Jardin partag\\u00e9\",\"description\":\"\",\"url\":\"\",\"address\":{\"@type\":\"PostalAddress\",\"streetAddress\":\"Loire \\u00e0 V\\u00e9lo \\u00e0 cot\\u00e9 de la rue Abb\\u00e9 Pasty, Baule, 45, France\",\"addressLocality\":\"Baule\",\"postalCode\":\"45130\",\"addressCountry\":\"France\"},\"telephone\":\"\",\"sameAs\":\"\"},\"performer\":\"Organization\"},{\"@context\":\"http:\/\/schema.org\",\"@type\":\"Event\",\"name\":\"Visite UTCOM : unit\\u00e9 de tri des ordures m\\u00e9nag\\u00e8res, organis\\u00e9e par Le Coquelicot\",\"description\":\"&lt;p&gt;Sur inscription aupr\\u00e8s de associationlecoquelicot@gmail.com La priorit\\u00e9 sera donn\\u00e9e aux adh\\u00e9rents de jardin partag\\u00e9 du Coquelicot mais cette visite reste accessible \\u00e0 tous. &nbsp;&lt;\/p&gt;\\\\n\",\"url\":\"https:\/\/www.uncoupdemeung.fr\/?tribe_events=visite-utcom-unite-de-tri-des-ordures-menageres\",\"eventAttendanceMode\":\"https:\/\/schema.org\/OfflineEventAttendanceMode\",\"eventStatus\":\"https:\/\/schema.org\/EventScheduled\",\"startDate\":\"2026-05-05T10:00:00+02:00\",\"endDate\":\"2026-05-05T12:00:00+02:00\",\"location\":{\"@type\":\"Place\",\"name\":\"Saran\",\"description\":\"\",\"url\":\"\",\"address\":{\"@type\":\"PostalAddress\"},\"telephone\":\"\",\"sameAs\":\"\"},\"performer\":\"Organization\"},{\"@context\":\"http:\/\/schema.org\",\"@type\":\"Event\",\"name\":\"Troc&rsquo;Plante organis\\u00e9e par Le Coquelicot\",\"description\":\"&lt;p&gt;Venez troquer vos graines et plants avec l\\\\'association du jardin partag\\u00e9 du coquelicot\\u00a0 sur le march\\u00e9 de St Hilaire St Mesmin !&lt;\/p&gt;\\\\n\",\"url\":\"https:\/\/www.uncoupdemeung.fr\/?tribe_events=trocplante\",\"eventAttendanceMode\":\"https:\/\/schema.org\/OfflineEventAttendanceMode\",\"eventStatus\":\"https:\/\/schema.org\/EventScheduled\",\"startDate\":\"2026-05-10T08:00:00+02:00\",\"endDate\":\"2026-05-10T12:00:00+02:00\",\"location\":{\"@type\":\"Place\",\"name\":\"st Hilaire st Mesmin\",\"description\":\"\",\"url\":\"\",\"address\":{\"@type\":\"PostalAddress\",\"streetAddress\":\"153 rue du clos du four \\u00e0 Chaux\",\"addressLocality\":\"st Hilaire St mesmin\",\"postalCode\":\"45160\"},\"telephone\":\"\",\"sameAs\":\"\"},\"performer\":\"Organization\"},{\"@context\":\"http:\/\/schema.org\",\"@type\":\"Event\",\"name\":\"F\\u00eate au jardin partag\\u00e9\",\"description\":\"&lt;p&gt;Venez f\\u00eater la nature au jardin ! Au programme : Ap\\u00e9ritif offert Repas partag\\u00e9 : chacun apport un plat, une boisson, un dessert \\u00e0 partager. D\\u00e9fi : il doit \\u00eatre [&hellip;]&lt;\/p&gt;\\\\n\",\"url\":\"https:\/\/www.uncoupdemeung.fr\/?tribe_events=activites-au-jardin-partage-20\",\"eventAttendanceMode\":\"https:\/\/schema.org\/OfflineEventAttendanceMode\",\"eventStatus\":\"https:\/\/schema.org\/EventScheduled\",\"startDate\":\"2026-05-30T11:00:00+02:00\",\"endDate\":\"2026-05-30T17:00:00+02:00\",\"location\":{\"@type\":\"Place\",\"name\":\"Jardin partag\\u00e9\",\"description\":\"\",\"url\":\"\",\"address\":{\"@type\":\"PostalAddress\",\"streetAddress\":\"Loire \\u00e0 V\\u00e9lo \\u00e0 cot\\u00e9 de la rue Abb\\u00e9 Pasty, Baule, 45, France\",\"addressLocality\":\"Baule\",\"postalCode\":\"45130\",\"addressCountry\":\"France\"},\"telephone\":\"\",\"sameAs\":\"\"},\"performer\":\"Organization\"}]\r\n<\/script>\n\t\t\t<script data-js=\"tribe-events-view-data\" type=\"application\/json\">\n\t{\"slug\":\"widget-events-list\",\"prev_url\":\"\",\"next_url\":\"https:\\\/\\\/www.uncoupdemeung.fr\\\/?post_type=tribe_events&eventDisplay=widget-events-list&page=2\",\"view_class\":\"Tribe\\\\Events\\\\Views\\\\V2\\\\Views\\\\Widgets\\\\Widget_List_View\",\"view_slug\":\"widget-events-list\",\"view_label\":\"View\",\"view\":null,\"should_manage_url\":true,\"id\":null,\"alias-slugs\":null,\"title\":\"\\u00c9v\\u00e8nements from 29 avril \\u2013 30 mai \\u2013 Un coup de Meung pour la plan\\u00e8te\",\"limit\":\"5\",\"no_upcoming_events\":false,\"featured_events_only\":false,\"jsonld_enable\":true,\"tribe_is_list_widget\":true,\"admin_fields\":{\"title\":{\"label\":\"Titre\\u00a0:\",\"type\":\"text\",\"classes\":\"\",\"dependency\":\"\",\"id\":\"widget-tribe-widget-events-list--1-title\",\"name\":\"widget-tribe-widget-events-list[-1][title]\",\"options\":[],\"placeholder\":\"\",\"value\":null},\"limit\":{\"label\":\"Afficher\\u00a0:\",\"type\":\"number\",\"default\":5,\"min\":1,\"max\":10,\"step\":1,\"classes\":\"\",\"dependency\":\"\",\"id\":\"widget-tribe-widget-events-list--1-limit\",\"name\":\"widget-tribe-widget-events-list[-1][limit]\",\"options\":[],\"placeholder\":\"\",\"value\":null},\"no_upcoming_events\":{\"label\":\"Cacher ce widget s\\u2019il n\\u2019y a pas d\\u2019\\u00e9v\\u00e8nements \\u00e0 venir.\",\"type\":\"checkbox\",\"classes\":\"\",\"dependency\":\"\",\"id\":\"widget-tribe-widget-events-list--1-no_upcoming_events\",\"name\":\"widget-tribe-widget-events-list[-1][no_upcoming_events]\",\"options\":[],\"placeholder\":\"\",\"value\":null},\"featured_events_only\":{\"label\":\"Limiter uniquement pour les \\u00e9v\\u00e8nements mis en avant\",\"type\":\"checkbox\",\"classes\":\"\",\"dependency\":\"\",\"id\":\"widget-tribe-widget-events-list--1-featured_events_only\",\"name\":\"widget-tribe-widget-events-list[-1][featured_events_only]\",\"options\":[],\"placeholder\":\"\",\"value\":null},\"jsonld_enable\":{\"label\":\"G\\u00e9n\\u00e9rer les donn\\u00e9es JSON-LD\",\"type\":\"checkbox\",\"classes\":\"\",\"dependency\":\"\",\"id\":\"widget-tribe-widget-events-list--1-jsonld_enable\",\"name\":\"widget-tribe-widget-events-list[-1][jsonld_enable]\",\"options\":[],\"placeholder\":\"\",\"value\":null}},\"wppcp_visibility\":0,\"wppcp_visibility_roles\":[],\"events\":[2050,1789,1952,1950,1791],\"url\":\"https:\\\/\\\/www.uncoupdemeung.fr\\\/?post_type=tribe_events&eventDisplay=widget-events-list\",\"url_event_date\":false,\"bar\":{\"keyword\":\"\",\"date\":\"\"},\"today\":\"2026-04-29 00:00:00\",\"now\":\"2026-04-29 04:18:39\",\"rest_url\":\"https:\\\/\\\/www.uncoupdemeung.fr\\\/index.php?rest_route=\\\/tribe\\\/views\\\/v2\\\/html\",\"rest_method\":\"POST\",\"rest_nonce\":\"\",\"today_url\":\"https:\\\/\\\/www.uncoupdemeung.fr\\\/?post_type=tribe_events&eventDisplay=widget-events-list&rest_route=%2Fwp%2Fv2%2Fpages%2F1144\",\"today_title\":\"Cliquer pour s\\u00e9lectionner la date du jour\",\"today_label\":\"Aujourd&#039;hui\",\"prev_label\":\"\",\"next_label\":\"\",\"date_formats\":{\"compact\":\"m\\\/d\\\/Y\",\"month_and_year_compact\":\"m\\\/Y\",\"month_and_year\":\"F Y\",\"time_range_separator\":\" - \",\"date_time_separator\":\" - \"},\"messages\":[],\"start_of_week\":\"1\",\"header_title\":\"\",\"header_title_element\":\"h1\",\"content_title\":\"\",\"breadcrumbs\":[],\"before_events\":\"\",\"after_events\":\"\\n<!--\\nThis calendar is powered by The Events Calendar.\\nhttp:\\\/\\\/evnt.is\\\/18wn\\n-->\\n\",\"display_events_bar\":false,\"disable_event_search\":false,\"live_refresh\":true,\"ical\":{\"display_link\":true,\"link\":{\"url\":\"https:\\\/\\\/www.uncoupdemeung.fr\\\/?post_type=tribe_events&#038;eventDisplay=widget-events-list&#038;ical=1\",\"text\":\"Exporter \\u00c9v\\u00e8nements\",\"title\":\"Utilisez ceci pour partager les donn\\u00e9es de calendrier avec Google Calendar, Apple iCal et d\\u2019autres applications compatibles\"}},\"container_classes\":[\"tribe-common\",\"tribe-events\",\"tribe-events-view\",\"tribe-events-view--widget-events-list\",\"tribe-events-widget\"],\"container_data\":[],\"is_past\":false,\"breakpoints\":{\"xsmall\":500,\"medium\":768,\"full\":960},\"breakpoint_pointer\":\"d72e70d0-ddfd-457c-aced-d1f21ad2177a\",\"is_initial_load\":false,\"public_views\":{\"list\":{\"view_class\":\"Tribe\\\\Events\\\\Views\\\\V2\\\\Views\\\\List_View\",\"view_url\":\"https:\\\/\\\/www.uncoupdemeung.fr\\\/?post_type=tribe_events&eventDisplay=list\",\"view_label\":\"Liste\"},\"month\":{\"view_class\":\"Tribe\\\\Events\\\\Views\\\\V2\\\\Views\\\\Month_View\",\"view_url\":\"https:\\\/\\\/www.uncoupdemeung.fr\\\/?post_type=tribe_events&eventDisplay=month\",\"view_label\":\"Mois\"},\"day\":{\"view_class\":\"Tribe\\\\Events\\\\Views\\\\V2\\\\Views\\\\Day_View\",\"view_url\":\"https:\\\/\\\/www.uncoupdemeung.fr\\\/?post_type=tribe_events&eventDisplay=day\",\"view_label\":\"Jour\"}},\"show_latest_past\":false,\"compatibility_classes\":[\"tribe-compatibility-container\"],\"view_more_text\":\"Voir le calendrier\",\"view_more_title\":\"Voir plus d\\u2019\\u00e9v\\u00e8nements.\",\"view_more_link\":\"https:\\\/\\\/www.uncoupdemeung.fr\",\"widget_title\":\"\",\"hide_if_no_upcoming_events\":false,\"display\":[],\"subscribe_links\":{\"gcal\":{\"label\":\"Google Agenda\",\"single_label\":\"Ajouter \\u00e0 Google Agenda\",\"visible\":true,\"block_slug\":\"hasGoogleCalendar\"},\"ical\":{\"label\":\"iCalendar\",\"single_label\":\"Ajouter \\u00e0 iCalendar\",\"visible\":true,\"block_slug\":\"hasiCal\"},\"outlook-365\":{\"label\":\"Outlook 365\",\"single_label\":\"Outlook 365\",\"visible\":true,\"block_slug\":\"hasOutlook365\"},\"outlook-live\":{\"label\":\"Outlook Live\",\"single_label\":\"Outlook Live\",\"visible\":true,\"block_slug\":\"hasOutlookLive\"},\"ics\":{\"label\":\"Exporter le fichier .ics\",\"single_label\":\"Exporter le fichier .ics\",\"visible\":true,\"block_slug\":null},\"outlook-ics\":{\"label\":\"Exporter le fichier Outlook .ics\",\"single_label\":\"Exporter le fichier Outlook .ics\",\"visible\":true,\"block_slug\":null}},\"_context\":{\"slug\":\"widget-events-list\"}}<\/script>\n\n\t\t\t\n\t\t\t\n\t\t\t\t<div class=\"tribe-events-widget-events-list__events\">\n\t\t\t\t\t\t\t\t\t\t\t<div  class=\"tribe-common-g-row tribe-events-widget-events-list__event-row\" >\n\n\t<div class=\"tribe-events-widget-events-list__event-date-tag tribe-common-g-col\">\n\t<time class=\"tribe-events-widget-events-list__event-date-tag-datetime\" datetime=\"2026-04-30\">\n\t\t<span class=\"tribe-events-widget-events-list__event-date-tag-month\">\n\t\t\tAvr\t\t<\/span>\n\t\t<span class=\"tribe-events-widget-events-list__event-date-tag-daynum tribe-common-h2 tribe-common-h4--min-medium\">\n\t\t\t30\t\t<\/span>\n\t<\/time>\n<\/div>\n\n\t<div class=\"tribe-events-widget-events-list__event-wrapper tribe-common-g-col\">\n\t\t<article  class=\"tribe-events-widget-events-list__event post-2050 tribe_events type-tribe_events status-publish hentry tribe_events_cat-un-coup-de-meung entry\" >\n\t\t\t<div class=\"tribe-events-widget-events-list__event-details\">\n\n\t\t\t\t<header class=\"tribe-events-widget-events-list__event-header\">\n\t\t\t\t\t<div class=\"tribe-events-widget-events-list__event-datetime-wrapper tribe-common-b2 tribe-common-b3--min-medium\">\n\t\t<time class=\"tribe-events-widget-events-list__event-datetime\" datetime=\"2026-04-30\">\n\t\t<span class=\"tribe-event-date-start\">20h30<\/span> &#8211; <span class=\"tribe-event-time\">22h30<\/span>\t<\/time>\n\t<\/div>\n\t\t\t\t\t<h3 class=\"tribe-events-widget-events-list__event-title tribe-common-h7\">\n\t<a\n\t\thref=\"https:\/\/www.uncoupdemeung.fr\/?tribe_events=reunion-du-comite-danimation-7\"\n\t\ttitle=\"R\u00e9union du comit\u00e9 d&rsquo;animation\"\n\t\trel=\"bookmark\"\n\t\tclass=\"tribe-events-widget-events-list__event-title-link tribe-common-anchor-thin\"\n\t>\n\t\tR\u00e9union du comit\u00e9 d&rsquo;animation\t<\/a>\n<\/h3>\n\t\t\t\t<\/header>\n\n\t\t\t\t\n\t\t\t<\/div>\n\t\t<\/article>\n\t<\/div>\n\n<\/div>\n\t\t\t\t\t\t\t\t\t\t\t<div  class=\"tribe-common-g-row tribe-events-widget-events-list__event-row\" >\n\n\t<div class=\"tribe-events-widget-events-list__event-date-tag tribe-common-g-col\">\n\t<time class=\"tribe-events-widget-events-list__event-date-tag-datetime\" datetime=\"2026-05-02\">\n\t\t<span class=\"tribe-events-widget-events-list__event-date-tag-month\">\n\t\t\tMai\t\t<\/span>\n\t\t<span class=\"tribe-events-widget-events-list__event-date-tag-daynum tribe-common-h2 tribe-common-h4--min-medium\">\n\t\t\t2\t\t<\/span>\n\t<\/time>\n<\/div>\n\n\t<div class=\"tribe-events-widget-events-list__event-wrapper tribe-common-g-col\">\n\t\t<article  class=\"tribe-events-widget-events-list__event post-1789 tribe_events type-tribe_events status-publish hentry entry\" >\n\t\t\t<div class=\"tribe-events-widget-events-list__event-details\">\n\n\t\t\t\t<header class=\"tribe-events-widget-events-list__event-header\">\n\t\t\t\t\t<div class=\"tribe-events-widget-events-list__event-datetime-wrapper tribe-common-b2 tribe-common-b3--min-medium\">\n\t\t<time class=\"tribe-events-widget-events-list__event-datetime\" datetime=\"2026-05-02\">\n\t\t<span class=\"tribe-event-date-start\">10h00<\/span> &#8211; <span class=\"tribe-event-time\">12h00<\/span>\t<\/time>\n\t<\/div>\n\t\t\t\t\t<h3 class=\"tribe-events-widget-events-list__event-title tribe-common-h7\">\n\t<a\n\t\thref=\"https:\/\/www.uncoupdemeung.fr\/?tribe_events=activites-au-jardin-partage-19\"\n\t\ttitle=\"Activit\u00e9s au jardin partag\u00e9\"\n\t\trel=\"bookmark\"\n\t\tclass=\"tribe-events-widget-events-list__event-title-link tribe-common-anchor-thin\"\n\t>\n\t\tActivit\u00e9s au jardin partag\u00e9\t<\/a>\n<\/h3>\n\t\t\t\t<\/header>\n\n\t\t\t\t\n\t\t\t<\/div>\n\t\t<\/article>\n\t<\/div>\n\n<\/div>\n\t\t\t\t\t\t\t\t\t\t\t<div  class=\"tribe-common-g-row tribe-events-widget-events-list__event-row\" >\n\n\t<div class=\"tribe-events-widget-events-list__event-date-tag tribe-common-g-col\">\n\t<time class=\"tribe-events-widget-events-list__event-date-tag-datetime\" datetime=\"2026-05-05\">\n\t\t<span class=\"tribe-events-widget-events-list__event-date-tag-month\">\n\t\t\tMai\t\t<\/span>\n\t\t<span class=\"tribe-events-widget-events-list__event-date-tag-daynum tribe-common-h2 tribe-common-h4--min-medium\">\n\t\t\t5\t\t<\/span>\n\t<\/time>\n<\/div>\n\n\t<div class=\"tribe-events-widget-events-list__event-wrapper tribe-common-g-col\">\n\t\t<article  class=\"tribe-events-widget-events-list__event post-1952 tribe_events type-tribe_events status-publish hentry entry\" >\n\t\t\t<div class=\"tribe-events-widget-events-list__event-details\">\n\n\t\t\t\t<header class=\"tribe-events-widget-events-list__event-header\">\n\t\t\t\t\t<div class=\"tribe-events-widget-events-list__event-datetime-wrapper tribe-common-b2 tribe-common-b3--min-medium\">\n\t\t<time class=\"tribe-events-widget-events-list__event-datetime\" datetime=\"2026-05-05\">\n\t\t<span class=\"tribe-event-date-start\">10h00<\/span> &#8211; <span class=\"tribe-event-time\">12h00<\/span>\t<\/time>\n\t<\/div>\n\t\t\t\t\t<h3 class=\"tribe-events-widget-events-list__event-title tribe-common-h7\">\n\t<a\n\t\thref=\"https:\/\/www.uncoupdemeung.fr\/?tribe_events=visite-utcom-unite-de-tri-des-ordures-menageres\"\n\t\ttitle=\"Visite UTCOM : unit\u00e9 de tri des ordures m\u00e9nag\u00e8res, organis\u00e9e par Le Coquelicot\"\n\t\trel=\"bookmark\"\n\t\tclass=\"tribe-events-widget-events-list__event-title-link tribe-common-anchor-thin\"\n\t>\n\t\tVisite UTCOM : unit\u00e9 de tri des ordures m\u00e9nag\u00e8res, organis\u00e9e par Le Coquelicot\t<\/a>\n<\/h3>\n\t\t\t\t<\/header>\n\n\t\t\t\t\n\t\t\t<\/div>\n\t\t<\/article>\n\t<\/div>\n\n<\/div>\n\t\t\t\t\t\t\t\t\t\t\t<div  class=\"tribe-common-g-row tribe-events-widget-events-list__event-row\" >\n\n\t<div class=\"tribe-events-widget-events-list__event-date-tag tribe-common-g-col\">\n\t<time class=\"tribe-events-widget-events-list__event-date-tag-datetime\" datetime=\"2026-05-10\">\n\t\t<span class=\"tribe-events-widget-events-list__event-date-tag-month\">\n\t\t\tMai\t\t<\/span>\n\t\t<span class=\"tribe-events-widget-events-list__event-date-tag-daynum tribe-common-h2 tribe-common-h4--min-medium\">\n\t\t\t10\t\t<\/span>\n\t<\/time>\n<\/div>\n\n\t<div class=\"tribe-events-widget-events-list__event-wrapper tribe-common-g-col\">\n\t\t<article  class=\"tribe-events-widget-events-list__event post-1950 tribe_events type-tribe_events status-publish hentry entry\" >\n\t\t\t<div class=\"tribe-events-widget-events-list__event-details\">\n\n\t\t\t\t<header class=\"tribe-events-widget-events-list__event-header\">\n\t\t\t\t\t<div class=\"tribe-events-widget-events-list__event-datetime-wrapper tribe-common-b2 tribe-common-b3--min-medium\">\n\t\t<time class=\"tribe-events-widget-events-list__event-datetime\" datetime=\"2026-05-10\">\n\t\t<span class=\"tribe-event-date-start\">8h00<\/span> &#8211; <span class=\"tribe-event-time\">12h00<\/span>\t<\/time>\n\t<\/div>\n\t\t\t\t\t<h3 class=\"tribe-events-widget-events-list__event-title tribe-common-h7\">\n\t<a\n\t\thref=\"https:\/\/www.uncoupdemeung.fr\/?tribe_events=trocplante\"\n\t\ttitle=\"Troc&rsquo;Plante organis\u00e9e par Le Coquelicot\"\n\t\trel=\"bookmark\"\n\t\tclass=\"tribe-events-widget-events-list__event-title-link tribe-common-anchor-thin\"\n\t>\n\t\tTroc&rsquo;Plante organis\u00e9e par Le Coquelicot\t<\/a>\n<\/h3>\n\t\t\t\t<\/header>\n\n\t\t\t\t\n\t\t\t<\/div>\n\t\t<\/article>\n\t<\/div>\n\n<\/div>\n\t\t\t\t\t\t\t\t\t\t\t<div  class=\"tribe-common-g-row tribe-events-widget-events-list__event-row\" >\n\n\t<div class=\"tribe-events-widget-events-list__event-date-tag tribe-common-g-col\">\n\t<time class=\"tribe-events-widget-events-list__event-date-tag-datetime\" datetime=\"2026-05-30\">\n\t\t<span class=\"tribe-events-widget-events-list__event-date-tag-month\">\n\t\t\tMai\t\t<\/span>\n\t\t<span class=\"tribe-events-widget-events-list__event-date-tag-daynum tribe-common-h2 tribe-common-h4--min-medium\">\n\t\t\t30\t\t<\/span>\n\t<\/time>\n<\/div>\n\n\t<div class=\"tribe-events-widget-events-list__event-wrapper tribe-common-g-col\">\n\t\t<article  class=\"tribe-events-widget-events-list__event post-1791 tribe_events type-tribe_events status-publish hentry tribe_events_cat-un-coup-de-meung entry\" >\n\t\t\t<div class=\"tribe-events-widget-events-list__event-details\">\n\n\t\t\t\t<header class=\"tribe-events-widget-events-list__event-header\">\n\t\t\t\t\t<div class=\"tribe-events-widget-events-list__event-datetime-wrapper tribe-common-b2 tribe-common-b3--min-medium\">\n\t\t<time class=\"tribe-events-widget-events-list__event-datetime\" datetime=\"2026-05-30\">\n\t\t<span class=\"tribe-event-date-start\">11h00<\/span> &#8211; <span class=\"tribe-event-time\">17h00<\/span>\t<\/time>\n\t<\/div>\n\t\t\t\t\t<h3 class=\"tribe-events-widget-events-list__event-title tribe-common-h7\">\n\t<a\n\t\thref=\"https:\/\/www.uncoupdemeung.fr\/?tribe_events=activites-au-jardin-partage-20\"\n\t\ttitle=\"F\u00eate au jardin partag\u00e9\"\n\t\trel=\"bookmark\"\n\t\tclass=\"tribe-events-widget-events-list__event-title-link tribe-common-anchor-thin\"\n\t>\n\t\tF\u00eate au jardin partag\u00e9\t<\/a>\n<\/h3>\n\t\t\t\t<\/header>\n\n\t\t\t\t\n\t\t\t<\/div>\n\t\t<\/article>\n\t<\/div>\n\n<\/div>\n\t\t\t\t\t\t\t\t\t<\/div>\n\n\t\t\t\t<div class=\"tribe-events-widget-events-list__view-more tribe-common-b1 tribe-common-b2--min-medium\">\n\t<a\n\t\thref=\"https:\/\/www.uncoupdemeung.fr\"\n\t\tclass=\"tribe-events-widget-events-list__view-more-link tribe-common-anchor-thin\"\n\t\ttitle=\"Voir plus d\u2019\u00e9v\u00e8nements.\"\n\t>\n\t\tVoir le calendrier\t<\/a>\n<\/div>\n\n\t\t\t\t\t<\/div>\n\t<\/div>\n<\/div>\n<script data-js='tribe-events-view-nonce-data' type='application\/json'>{\"_tec_view_rest_nonce_primary\":\"d255dfcc67\",\"_tec_view_rest_nonce_secondary\":\"\"}<\/script>\n\n\n\n<h1 class=\"wp-block-heading\">En bref&#8230;<\/h1>\n\n\n\n<p>L\u2019 association citoyenne, Un coup de Meung pour la plan\u00e8te, agit pour la transition \u00e0 Meung-sur-Loire. Mobilit\u00e9, \u00e9nergie, alimentation, consommation responsable, biodiversit\u00e9 et permaculture\u2026 autant de th\u00e8mes avec de multiples projets. Toute jeune association, le mouvement est en plein d\u00e9veloppement, l\u2019\u00e9nergie est l\u00e0, les projets fusent, \u00e7a bouge tous les jours! Par votre adh\u00e9sion, vous rejoindrez un collectif qui souhaite se former, s\u2019informer et coop\u00e9rer pour construire ensemble,&nbsp; une vie locale capable de faire face au double d\u00e9fi de la transition \u00e9nerg\u00e9tique et du r\u00e9chauffement climatique.<\/p>\n\n\n\n<p><\/p>\n\n\n\n<p><\/p>\n\n\n\n<hr class=\"wp-block-separator has-alpha-channel-opacity\"\/>\n\n\n\n<p class=\"has-text-align-center\">Contactez-nous \u00e0 l&rsquo;adresse :<br><strong><mark style=\"background-color:rgba(0, 0, 0, 0)\" class=\"has-inline-color has-vivid-cyan-blue-color\">uncoupdemeung(@)ecomail-asso.com<\/mark><\/strong><\/p>\n\n\n\n<p class=\"has-text-align-center\"><strong>Rejoignez nous ! Adh\u00e9rez !<\/strong><\/p>\n\n\n\n<hr class=\"wp-block-separator has-alpha-channel-opacity\"\/>\n\n\n\n<div class=\"wp-block-buttons is-horizontal is-content-justification-center is-layout-flex wp-container-core-buttons-is-layout-499968f5 wp-block-buttons-is-layout-flex\">\n<div class=\"wp-block-button is-style-outline is-style-outline--1\"><a class=\"wp-block-button__link has-text-color wp-element-button\" href=\"https:\/\/www.helloasso.com\/associations\/un-coup-de-meung-pour-la-planete\/adhesions\/adhesion-2026\" style=\"color:#fa9500\"><strong><mark style=\"background-color:rgba(0, 0, 0, 0)\" class=\"has-inline-color has-luminous-vivid-orange-color\">Adh\u00e9rer ou faire un don<\/mark><\/strong><\/a><\/div>\n\n\n\n<div class=\"wp-block-button is-style-fill\"><a class=\"wp-block-button__link has-vivid-green-cyan-background-color has-background wp-element-button\" href=\"https:\/\/chat.whatsapp.com\/H1W6mmvkeciElPFAxVJGjx\" style=\"font-style:normal;font-weight:700\" target=\"_blank\" rel=\"noreferrer noopener\">Rejoignez-nous sur WhatsApp<\/a><\/div>\n\n\n\n<div class=\"wp-block-button\"><a class=\"wp-block-button__link has-background wp-element-button\" href=\"https:\/\/www.facebook.com\/uncoupdemeungpourlaplanete\" style=\"background-color:#fa9c00\" target=\"_blank\" rel=\"noreferrer noopener\">Suivez nous sur Facebook<\/a><\/div>\n<\/div>\n<\/div>\n\n\n\n<div class=\"wp-block-column is-layout-flow wp-block-column-is-layout-flow\" style=\"flex-basis:66%\">\n<h1 class=\"wp-block-heading\">Derniers articles publi\u00e9s<\/h1>\n\n\n<ul class=\"wp-block-latest-posts__list has-dates wp-block-latest-posts\"><li><a class=\"wp-block-latest-posts__post-title\" href=\"https:\/\/www.uncoupdemeung.fr\/?p=2012\">Digital Cleanup Challenge<\/a><time datetime=\"2026-03-12T21:34:45+01:00\" class=\"wp-block-latest-posts__post-date\">12 mars 2026<\/time><div class=\"wp-block-latest-posts__post-excerpt\">\ud83d\udcaa&nbsp;Samedi 14 Mars&nbsp;Digital Clean Up LANCEMENT 10h-12h \u00e0 la Salle associative derri\u00e8re le CCAS. 1\/ Pr\u00e9sentation des consignes pratico-pratiques pour le nettoyage num\u00e9rique Chaque participant vient avec son smartphone \/\u2026 <a class=\"wp-block-latest-posts__read-more\" href=\"https:\/\/www.uncoupdemeung.fr\/?p=2012\" rel=\"noopener noreferrer\">Lire la suite<span class=\"screen-reader-text\">\u00a0: Digital Cleanup Challenge<\/span><\/a><\/div><\/li>\n<li><a class=\"wp-block-latest-posts__post-title\" href=\"https:\/\/www.uncoupdemeung.fr\/?p=500\">Cuire et st\u00e9riliser au solaire : d\u00e9couvrez le tube solaire !<\/a><time datetime=\"2025-08-31T16:44:16+02:00\" class=\"wp-block-latest-posts__post-date\">31 ao\u00fbt 2025<\/time><div class=\"wp-block-latest-posts__post-excerpt\">Vous avez peut-\u00eatre d\u00e9j\u00e0 vu une d\u00e9monstration des tubes solaires qui permettent de cuire et st\u00e9riliser des conserves, vous trouverez toutes les informations ici :&nbsp;TUBES SOLAIRES | Dsdna (dusoleildansnosassiettes.com) L&rsquo;association\u2026 <a class=\"wp-block-latest-posts__read-more\" href=\"https:\/\/www.uncoupdemeung.fr\/?p=500\" rel=\"noopener noreferrer\">Lire la suite<span class=\"screen-reader-text\">\u00a0: Cuire et st\u00e9riliser au solaire : d\u00e9couvrez le tube solaire !<\/span><\/a><\/div><\/li>\n<li><a class=\"wp-block-latest-posts__post-title\" href=\"https:\/\/www.uncoupdemeung.fr\/?p=1798\">Village des possibles 5 Oct<\/a><time datetime=\"2025-06-26T20:40:23+02:00\" class=\"wp-block-latest-posts__post-date\">26 juin 2025<\/time><div class=\"wp-block-latest-posts__post-excerpt\">Il s&rsquo;agit le temps d&rsquo;une journ\u00e9e de proposer des ateliers d\u2019AGIR ENSEMBLE anim\u00e9s par les acteurs locaux, afin de rendre possible des comportements plus vertueux vis \u00e0 vis de l&rsquo;environnement\u2026 <a class=\"wp-block-latest-posts__read-more\" href=\"https:\/\/www.uncoupdemeung.fr\/?p=1798\" rel=\"noopener noreferrer\">Lire la suite<span class=\"screen-reader-text\">\u00a0: Village des possibles 5 Oct<\/span><\/a><\/div><\/li>\n<li><a class=\"wp-block-latest-posts__post-title\" href=\"https:\/\/www.uncoupdemeung.fr\/?p=1775\">Activit\u00e9s au jardin de Baulette !<\/a><time datetime=\"2025-06-26T19:17:19+02:00\" class=\"wp-block-latest-posts__post-date\">26 juin 2025<\/time><div class=\"wp-block-latest-posts__post-excerpt\">Le jardin partag\u00e9 reste accessible en toute libert\u00e9 7j\/7 ! Contactez nous pour participer aux travaux, jardiner \u00e0 vos heures perdues ou bien obtenir une parcelle privative ! Projets ateliers\u2026 <a class=\"wp-block-latest-posts__read-more\" href=\"https:\/\/www.uncoupdemeung.fr\/?p=1775\" rel=\"noopener noreferrer\">Lire la suite<span class=\"screen-reader-text\">\u00a0: Activit\u00e9s au jardin de Baulette !<\/span><\/a><\/div><\/li>\n<li><a class=\"wp-block-latest-posts__post-title\" href=\"https:\/\/www.uncoupdemeung.fr\/?p=1771\">L\u2019EAU, C\u2019EST LA VIE !<\/a><time datetime=\"2025-06-24T13:58:21+02:00\" class=\"wp-block-latest-posts__post-date\">24 juin 2025<\/time><div class=\"wp-block-latest-posts__post-excerpt\">Que vous soyez agriculteur, agricultrice, habitant, habitante, les fous de bassan ! ont besoin de vos contributions pour le projet \u00ab LETTRES DU PAYS : L\u2019EAU c\u2019est la vie \u00bb.L\u2019eau\u2026 <a class=\"wp-block-latest-posts__read-more\" href=\"https:\/\/www.uncoupdemeung.fr\/?p=1771\" rel=\"noopener noreferrer\">Lire la suite<span class=\"screen-reader-text\">\u00a0: L\u2019EAU, C\u2019EST LA VIE !<\/span><\/a><\/div><\/li>\n<li><a class=\"wp-block-latest-posts__post-title\" href=\"https:\/\/www.uncoupdemeung.fr\/?p=1721\">5 ans d\u00e9j\u00e0 !<\/a><time datetime=\"2025-04-14T21:10:57+02:00\" class=\"wp-block-latest-posts__post-date\">14 avril 2025<\/time><div class=\"wp-block-latest-posts__post-excerpt\">Un Coup de Meung pour la plan\u00e8te va f\u00eater ses 5 ans. Vous \u00eates invit\u00e9s \u00e0 nous rejoindre le 25 mai de 12h \u00e0 18h30. La f\u00eate se d\u00e9roulera au\u2026 <a class=\"wp-block-latest-posts__read-more\" href=\"https:\/\/www.uncoupdemeung.fr\/?p=1721\" rel=\"noopener noreferrer\">Lire la suite<span class=\"screen-reader-text\">\u00a0: 5 ans d\u00e9j\u00e0 !<\/span><\/a><\/div><\/li>\n<\/ul><\/div>\n<\/div>\n\n\n\n<p><\/p>\n\n\n\n<p><\/p>\n\n\n\n<p><\/p>\n\n\n\n<p><\/p>\n","protected":false},"excerpt":{"rendered":"<p>Agenda En bref&#8230; L\u2019 association citoyenne, Un coup de Meung pour la plan\u00e8te, agit pour la transition \u00e0 Meung-sur-Loire. Mobilit\u00e9, \u00e9nergie, alimentation, consommation responsable, biodiversit\u00e9 et permaculture\u2026 autant de th\u00e8mes [&hellip;]<\/p>\n","protected":false},"author":3,"featured_media":0,"parent":0,"menu_order":0,"comment_status":"closed","ping_status":"closed","template":"","meta":{"footnotes":""},"class_list":["post-1144","page","type-page","status-publish","hentry","entry"],"_links":{"self":[{"href":"https:\/\/www.uncoupdemeung.fr\/index.php?rest_route=\/wp\/v2\/pages\/1144","targetHints":{"allow":["GET"]}}],"collection":[{"href":"https:\/\/www.uncoupdemeung.fr\/index.php?rest_route=\/wp\/v2\/pages"}],"about":[{"href":"https:\/\/www.uncoupdemeung.fr\/index.php?rest_route=\/wp\/v2\/types\/page"}],"author":[{"embeddable":true,"href":"https:\/\/www.uncoupdemeung.fr\/index.php?rest_route=\/wp\/v2\/users\/3"}],"replies":[{"embeddable":true,"href":"https:\/\/www.uncoupdemeung.fr\/index.php?rest_route=%2Fwp%2Fv2%2Fcomments&post=1144"}],"version-history":[{"count":10,"href":"https:\/\/www.uncoupdemeung.fr\/index.php?rest_route=\/wp\/v2\/pages\/1144\/revisions"}],"predecessor-version":[{"id":1811,"href":"https:\/\/www.uncoupdemeung.fr\/index.php?rest_route=\/wp\/v2\/pages\/1144\/revisions\/1811"}],"wp:attachment":[{"href":"https:\/\/www.uncoupdemeung.fr\/index.php?rest_route=%2Fwp%2Fv2%2Fmedia&parent=1144"}],"curies":[{"name":"wp","href":"https:\/\/api.w.org\/{rel}","templated":true}]}}